{"id":2,"date":"2020-07-30T07:35:37","date_gmt":"2020-07-30T07:35:37","guid":{"rendered":"http:\/\/gergelyg.ro\/wordpress\/?page_id=2"},"modified":"2026-08-20T13:52:02","modified_gmt":"2026-08-20T11:52:02","slug":"ez-egy-minta-oldal","status":"publish","type":"page","link":"https:\/\/gergelyg.ro\/wordpress\/","title":{"rendered":"2026. augusztus 20."},"content":{"rendered":"\n<p class=\"has-text-align-center has-large-font-size wp-block-paragraph\"><strong>Isten \u00e9ltessen, Magyarorsz\u00e1g!<\/strong><\/p>\n\n\n\n<figure class=\"wp-block-image size-full\"><img loading=\"lazy\" decoding=\"async\" width=\"1402\" height=\"1122\" src=\"https:\/\/gergelyg.ro\/wordpress\/wp-content\/uploads\/2026\/08\/ChatGPT-Image-2026.-aug.-20.-14_43_01.jpg\" alt=\"\" class=\"wp-image-329\" srcset=\"https:\/\/gergelyg.ro\/wordpress\/wp-content\/uploads\/2026\/08\/ChatGPT-Image-2026.-aug.-20.-14_43_01.jpg 1402w, https:\/\/gergelyg.ro\/wordpress\/wp-content\/uploads\/2026\/08\/ChatGPT-Image-2026.-aug.-20.-14_43_01-300x240.jpg 300w, https:\/\/gergelyg.ro\/wordpress\/wp-content\/uploads\/2026\/08\/ChatGPT-Image-2026.-aug.-20.-14_43_01-768x615.jpg 768w\" sizes=\"auto, (max-width: 1402px) 100vw, 1402px\" \/><\/figure>\n\n\n\n<figure class=\"wp-block-image size-large\"><img loading=\"lazy\" decoding=\"async\" width=\"1024\" height=\"691\" src=\"https:\/\/gergelyg.ro\/wordpress\/wp-content\/uploads\/2022\/08\/nagy-magyarorszag-terkep-1024x691.jpg\" alt=\"\" class=\"wp-image-127\" srcset=\"https:\/\/gergelyg.ro\/wordpress\/wp-content\/uploads\/2022\/08\/nagy-magyarorszag-terkep-1024x691.jpg 1024w, https:\/\/gergelyg.ro\/wordpress\/wp-content\/uploads\/2022\/08\/nagy-magyarorszag-terkep-300x202.jpg 300w, https:\/\/gergelyg.ro\/wordpress\/wp-content\/uploads\/2022\/08\/nagy-magyarorszag-terkep-768x518.jpg 768w, https:\/\/gergelyg.ro\/wordpress\/wp-content\/uploads\/2022\/08\/nagy-magyarorszag-terkep.jpg 1063w\" sizes=\"auto, (max-width: 1024px) 100vw, 1024px\" \/><figcaption class=\"wp-element-caption\">Magyarorsz\u00e1g t\u00e9rk\u00e9pe<\/figcaption><\/figure>\n\n\n\n<p class=\"has-text-align-center wp-block-paragraph\"><strong>SZENT ISTV\u00c1N KIR\u00c1LY INTELMEI IMRE HERCEGHEZ<\/strong><\/p>\n\n\n\n<p class=\"wp-block-paragraph\">Mivel meg\u00e9rtem s m\u00e9lyen \u00e1t\u00e9rzem, hogy amit csak Isten akarata megteremtett s nyilv\u00e1nval\u00f3 eleve elrendel\u00e9se elrendezett mind a kiterjedt \u00e9gboltozaton, mind az egybef\u00fcgg\u0151 f\u00f6ldi t\u00e1jakon, azt t\u00f6rv\u00e9ny \u00e9lteti s tartja fenn, s mivel l\u00e1tom, hogy mindazt, amit Isten kegyelme b\u0151s\u00e9ggel adott az \u00e9let el\u0151ny\u00e9re \u00e9s m\u00e9lt\u00f3s\u00e1g\u00e1ra, tudniillik kir\u00e1lys\u00e1gokat, konzuls\u00e1gokat, hercegs\u00e9geket, isp\u00e1ns\u00e1gokat, f\u0151paps\u00e1gokat s m\u00e1s m\u00e9lt\u00f3s\u00e1gokat, r\u00e9szben isteni parancsok \u00e9s rendeletek, r\u00e9szben vil\u00e1giak, valamint a nemesek meg az \u00e9lemedett kor\u00faak tan\u00e1csai \u00e9s javaslatai korm\u00e1nyozz\u00e1k, v\u00e9dik, osztj\u00e1k fel \u00e9s egyes\u00edtik, s mivel bizonyosan tudom, hogy minden renden val\u00f3k a f\u00f6ld b\u00e1rmely r\u00e9sz\u00e9n, b\u00e1rmilyen m\u00e9lt\u00f3s\u00e1got viseljenek, nemcsak k\u00eds\u00e9ret\u00fcknek, h\u00edveiknek, szolg\u00e1iknak parancsolnak, tan\u00e1csolnak, javasolnak, hanem fiaiknak is, \u00fagy h\u00e1t \u00e9n sem restellem, szerelmetes fiam, hogy neked m\u00e9g \u00e9letemben tanuls\u00e1gokat, parancsokat, tan\u00e1csokat, javaslatokat adjak, hogy vel\u00fck mind a magad, mind alattval\u00f3id \u00e9letm\u00f3dj\u00e1t \u00e9kes\u00edtsed, ha majd a legf\u0151bb hatalom enged\u00e9ly\u00e9vel ut\u00e1nam uralkodni fogsz. Illik pedig, hogy odaad\u00f3 figyelemmel hallgatv\u00e1n eszedbe v\u00e9sd ap\u00e1d parancsait, az isteni b\u00f6lcsess\u00e9g intelme szerint, mely Salamon sz\u00e1j\u00e1b\u00f3l sz\u00f3l:<\/p>\n\n\n\n<p class=\"wp-block-paragraph\">Hallgass, fiam, aty\u00e1d intelm\u00e9re,<br>s ne vedd semmibe any\u00e1d tan\u00edt\u00e1s\u00e1t!&#8230;<\/p>\n\n\n\n<p class=\"wp-block-paragraph\">[Hallgasd h\u00e1t meg, fiam, fogadd el szavaimat,]<br>akkor nagy lesz sz\u00e1ma \u00e9lted \u00e9veinek.<\/p>\n\n\n\n<p class=\"wp-block-paragraph\">Ebb\u0151l a mond\u00e1sb\u00f3l teh\u00e1t \u00e9szbe veheted, ha azt, amit atyai gy\u00f6ng\u00e9ds\u00e9ggel parancsolok, megveted &#8211; t\u00e1vol legyen! -, nem sz\u00edvelnek t\u00f6bb\u00e9 sem Isten, sem az emberek. De halljad az engedetlen parancsszeg\u0151k eset\u00e9t \u00e9s veszt\u00e9t. \u00c1d\u00e1m ugyanis, kit az isteni alkot\u00f3, valamennyi l\u00e9tez\u0151 teremt\u0151je a maga hasonlatoss\u00e1g\u00e1ra form\u00e1lt, s minden m\u00e9lt\u00f3s\u00e1g \u00f6r\u00f6k\u00f6s\u00e9v\u00e9 tett, sz\u00e9tt\u00f6rte a parancsok bilincs\u00e9t, s nyomban elvesztette a magas m\u00e9lt\u00f3s\u00e1gokat meg a paradicsomb\u00e9li lak\u00e1st. Isten r\u00e9gi, kiv\u00e1lasztott s kiv\u00e1lt kedvelt n\u00e9pe is, ami\u00e9rt sz\u00e9tszaggatta a t\u00f6rv\u00e9nyek Isten ujj\u00e1val k\u00f6t\u00f6z\u00f6tt k\u00f6tel\u00e9k\u00e9t, k\u00fcl\u00f6nb-k\u00fcl\u00f6nbf\u00e9lek\u00e9ppen pusztult el: r\u00e9szben ugyanis a f\u00f6ld nyelte el, r\u00e9szben t\u0171z em\u00e9sztette el, r\u00e9szint egym\u00e1st koncolta fel. Salamon fia is, f\u00e9lrevetve apja b\u00e9k\u00e9ltet\u0151 szavait, g\u0151gj\u00e9ben p\u00f6ffeszkedve kardcsap\u00e1sokkal fenyegette a n\u00e9pet apja ostorsuhint\u00e1sai helyett, az\u00e9rt sok rosszat t\u0171rt el orsz\u00e1g\u00e1ban, v\u00e9g\u00fcl is kivetett\u00e9k onnan. Hogy ez v\u00e9led ne t\u00f6rt\u00e9nj\u00e9k, fogadj sz\u00f3t, fiam; gyermek vagy, gazdags\u00e1gban sz\u00fcletett kis csel\u00e9dem, puha p\u00e1rn\u00e1k lak\u00f3ja, minden gy\u00f6ny\u00f6r\u0171s\u00e9gben d\u00e9delgetve \u00e9s nevelve, nem tapasztaltad a hadj\u00e1ratok f\u00e1radalmait s a k\u00fcl\u00f6nf\u00e9le n\u00e9pek t\u00e1mad\u00e1sait, melyekben \u00e9n szinte eg\u00e9sz \u00e9letemet lemorzsoltam. Itt az id\u0151, hogy t\u00f6bb\u00e9 ne puha k\u00e1s\u00e1val \u00e9tessenek, az t\u00e9ged csak puh\u00e1nny\u00e1 s finny\u00e1ss\u00e1 tehet, ez pedig a f\u00e9rfiass\u00e1g elveszteget\u00e9se s a b\u0171n\u00f6k csihol\u00f3ja \u00e9s a t\u00f6rv\u00e9nyek megvet\u00e9se; hanem itassanak meg olykor fanyar borral, mely \u00e9rtelmedet tan\u00edt\u00e1somra figyelmess\u00e9 teszi. Ezeket el\u0151rebocs\u00e1tv\u00e1n t\u00e9rj\u00fcnk a t\u00e1rgyra.<\/p>\n\n\n\n<p class=\"wp-block-paragraph\"><strong>I. A KATOLIKUS HIT MEG\u0150RZ\u00c9S\u00c9R\u0150L<\/strong><\/p>\n\n\n\n<p class=\"wp-block-paragraph\">Minthogy a kir\u00e1lyi m\u00e9lt\u00f3s\u00e1g rangj\u00e1t csakis a h\u00edv\u0151k \u00e9s a katolikus hitet vall\u00f3k nyerhetik el, ez\u00e9rt parancsainkban a szent hitet tessz\u00fck az els\u0151 helyre. Ha a kir\u00e1lyi koron\u00e1t meg akarod becs\u00fclni, legel\u0151sz\u00f6r azt hagyom meg, tan\u00e1csolom, illetve javaslom \u00e9s sugallom, kedves fiam, hogy a katolikus \u00e9s apostoli hitet akkora buzgalommal \u00e9s \u00e9bers\u00e9ggel \u0151rizd, hogy minden Istent\u0151l rendelt alattval\u00f3dnak p\u00e9ld\u00e1t mutass, s valamennyi egyh\u00e1zi szem\u00e9ly m\u00e9lt\u00e1n nevezzen igaz kereszt\u00e9ny hitvall\u00e1s\u00fa f\u00e9rfinak; en\u00e9lk\u00fcl bizony, tudd meg, sem kereszt\u00e9nynek, sem az egyh\u00e1z fi\u00e1nak nem mondanak. Akik ugyanis hamisat hisznek, vagy a hitet j\u00f3 cselekedetekkel teljess\u00e9 nem teszik, fel nem \u00e9kes\u00edtik, minthogy a hit tettek h\u00edj\u00e1n meghal, sem itt nem uralkodnak tisztess\u00e9ggel, sem az \u00f6r\u00f6k uradalomban vagy koron\u00e1ban nem lesz r\u00e9sz\u00fck. \u00c1m ha a hit pajzs\u00e1t tartod, rajtad az \u00fcdv\u00f6ss\u00e9g sisakja is. Mert e lelki fegyverekben szab\u00e1lyszer\u0171en harcolhatsz l\u00e1thatatlan \u00e9s l\u00e1that\u00f3 ellens\u00e9geid ellen. Hiszen az apostol ezt mondja: \u201cCsak az nyeri el a bab\u00e9rkoszor\u00fat, aki szab\u00e1lyszer\u0171en k\u00fczd.\u201d A hit teh\u00e1t, melyr\u0151l besz\u00e9lek, a k\u00f6vetkez\u0151: higgy er\u0151sen a mindenhat\u00f3 Atyaistenben, minden teremtm\u00e9ny teremt\u0151j\u00e9ben, \u00e9s az \u0151 egysz\u00fcl\u00f6tt fi\u00e1ban, a mi Urunkban, J\u00e9zus Krisztusban, kit az angyal meghirdetett, ki Sz\u0171z M\u00e1ri\u00e1t\u00f3l sz\u00fcletett, az eg\u00e9sz vil\u00e1g \u00fcdv\u00f6ss\u00e9g\u00e9\u00e9rt a keresztf\u00e1n szenvedett \u00e9s a Szentl\u00e9lekben, ki sz\u00f3lt a pr\u00f3f\u00e9t\u00e1k s az apostolok, valamint az evang\u00e9list\u00e1k szav\u00e1val, mint egyetlen t\u00f6k\u00e9letes oszthatatlan szepl\u0151telen istens\u00e9gben, \u00e9s k\u00e9tely hozz\u00e1d ne f\u00e9rjen. \u201cEz a katolikus hit, melyben &#8211; mik\u00e9nt Atan\u00e1z mondja &#8211; ha ak\u00e1rki h\u00edven \u00e9s er\u0151sen nem hisz, semmik\u00e9pp sem \u00fcdv\u00f6z\u00fcl.\u201d Ha valamikor uralmad alatt akadn\u00e1nak olyanok &#8211; t\u00e1vol legyen! -, kik az \u00edgy egys\u00e9gbe f\u0171z\u00f6tt Szenth\u00e1roms\u00e1got megosztani vagy kisebb\u00edteni, vagy nagyobb\u00edtani pr\u00f3b\u00e1lj\u00e1k, tudd meg: az eretneks\u00e9g fej\u00e9nek szolg\u00e1i azok, \u00e9s nem a szentegyh\u00e1z fiai. Az ilyeneket pedig ne gy\u00e1mol\u00edtsd, ne v\u00e9delmezd, hogy magad is ellens\u00e9gnek \u00e9s bosszul\u00f3nak ne mutatkozz. Mert az eff\u00e9le emberek a szentegyh\u00e1z n\u00e9p\u00e9t nyomorultul megrontj\u00e1k \u00e9s sz\u00e9tsz\u00f3rj\u00e1k. Hogy ez ne t\u00f6rt\u00e9nj\u00e9k meg, k\u00fcl\u00f6n\u00f6s gondod legyen.<\/p>\n\n\n\n<p class=\"wp-block-paragraph\"><strong>II. AZ EGYH\u00c1ZI REND BECSBEN TART\u00c1S\u00c1R\u00d3L<\/strong><\/p>\n\n\n\n<p class=\"wp-block-paragraph\">A kir\u00e1lyi palot\u00e1ban a hit ut\u00e1n az egyh\u00e1z foglalja el a m\u00e1sodik helyet, az egyh\u00e1z, melynek els\u0151 \u00edzben a mi fej\u00fcnk, tudniillik Krisztus vetette el magj\u00e1t, majd az \u0151 tagjai, vagyis az apostolok \u00e9s szent aty\u00e1k \u00fcltett\u00e9k \u00e1t, meggy\u00f6kereztett\u00e9k er\u0151sen, s elterjesztett\u00e9k az eg\u00e9sz f\u00f6ldkereks\u00e9gen. \u00c9s \u00e1mb\u00e1r mindig hajt \u00faj sarjat, m\u00e1s helyeken m\u00e9gis mintegy r\u00e9ginek tartj\u00e1k; itt viszont, kedves fiam, a mi birodalmunkban eddig m\u00e9g mint ifj\u00fa, friss hajt\u00e1st pr\u00e9dik\u00e1lj\u00e1k. \u00c9pp ez\u00e9rt k\u00edv\u00e1n meg szemf\u00fclesebb s szembet\u0171n\u0151bb \u0151r\u00f6ket, nehogy a j\u00f3, amivel az isteni kegyelem benn\u00fcnket m\u00e9rhetetlen irgalm\u00e1ban \u00e9rdemtelen\u00fcl el\u00e1rasztott, tunyas\u00e1god \u00e9s rests\u00e9ged, valamint hanyags\u00e1god miatt megromolj\u00e9k s megsemmis\u00fclj\u00f6n. Mert aki a szentegyh\u00e1z m\u00e9lt\u00f3s\u00e1g\u00e1t csorb\u00edtja vagy cs\u00faf\u00edtja, azon munk\u00e1l, hogy Krisztus test\u00e9t csonk\u00edtsa. Hiszen maga az \u00dar mondta P\u00e9ternek, akit a szentegyh\u00e1z \u0151rz\u0151j\u00e9v\u00e9 \u00e9s fel\u00fcgyel\u0151j\u00e9v\u00e9 emelt: \u201cP\u00e9ter vagy, erre a szikl\u00e1ra \u00e9p\u00edtem egyh\u00e1zamat.\u201d \u0150 ugyanis \u00f6nn\u00f6nmag\u00e1t nevezte k\u0151szikl\u00e1nak, s nem \u00e1m f\u00e1b\u00f3l avagy k\u0151b\u0151l \u00e9p\u00fclt egyh\u00e1zr\u00f3l besz\u00e9lt, hanem az \u00fajonnan nyert t\u00f6meget, a kiv\u00e1lasztott n\u00e9pet, Isten ny\u00e1j\u00e1t, mely hitben kioktattatott, kereszts\u00e9gben megmosatott, kenettel olajoztatott, h\u00edvta a saj\u00e1t mag\u00e1ra \u00e9p\u00fclt szentegyh\u00e1znak. Ha valaki l\u00e1z\u00e1ban e szentegyh\u00e1z tagjait vagy kicsinyeit megbotr\u00e1nkoztatja, az evang\u00e9lium tan\u00edt\u00e1sa szerint m\u00e9lt\u00f3 arra, hogy malomk\u00f6vet k\u00f6ssenek a nyak\u00e1ra \u00e9s a tenger m\u00e9lys\u00e9g\u00e9be vess\u00e9k, azaz a hatalom m\u00e9lt\u00f3s\u00e1g\u00e1b\u00f3l kivetik, \u00e9s az igazak egyh\u00e1z\u00e1n k\u00edv\u00fcl marad a vil\u00e1gi nyomor\u00fas\u00e1gban, mint valami pog\u00e1ny \u00e9s v\u00e1mos. \u00cdgy h\u00e1t, fiam, napr\u00f3l napra vir\u00e1gz\u00f3 szorgalommal kell \u0151rk\u00f6dn\u00f6d a szentegyh\u00e1zon, hogy ink\u00e1bb gyarapodj\u00e9k, mintsem fogyatkozz\u00e9k. Az\u00e9rt is nevezt\u00e9k az els\u0151 kir\u00e1lyokat nagys\u00e1gosnak, mert az egyh\u00e1zat nagyobb\u00edtott\u00e1k. Te is ezt tegyed, hogy koron\u00e1d h\u00edresebb, \u00e9leted boldogabb \u00e9s hosszabb legyen.<\/p>\n\n\n\n<p class=\"wp-block-paragraph\"><strong>III. A F\u0150PAPOKNAK KIJ\u00c1R\u00d3 TISZTELETR\u0150L<\/strong><\/p>\n\n\n\n<p class=\"wp-block-paragraph\">A kir\u00e1lyi tr\u00f3n \u00e9kess\u00e9ge a f\u0151papoknak rendje, ez\u00e9rt a kir\u00e1lyi m\u00e9lt\u00f3s\u00e1gban \u0151k ker\u00fclnek a harmadik helyre, kedves fiam, \u0151k legyenek f\u0151embereid, \u00fagy vigy\u00e1zz a f\u0151papokra, mint a szemed vil\u00e1g\u00e1ra. Ha \u0151k j\u00f3indulat\u00faak v\u00e9led, ellens\u00e9gt\u0151l nem kell f\u00e9lned. Hiszen ha \u0151k megbecs\u00fclnek, b\u00e1tran foghatsz mindenhez, im\u00e1ds\u00e1guk aj\u00e1nl t\u00e9ged a mindenhat\u00f3 Istennek. \u0150ket \u00e1ll\u00edtotta ugyanis Isten \u0151r\u00fcl az Isten n\u00e9pe f\u00f6l\u00e9, \u00e9s \u0151ket tette meg a lelkek felvigy\u00e1z\u00f3iv\u00e1, valamint az eg\u00e9sz egyh\u00e1zi m\u00e9lt\u00f3s\u00e1g \u00e9s isteni szents\u00e9g r\u00e9szeseiv\u00e9 \u00e9s oszt\u00f3iv\u00e1. Mert n\u00e9lk\u00fcl\u00fck kir\u00e1lyok nem is \u00e1ll\u00edttatnak, nem is orsz\u00e1golnak. Az \u0151 k\u00f6zbenj\u00e1r\u00e1sukra t\u00f6rlik el a v\u00e9tkez\u0151k v\u00e9tkeit. Ha ir\u00e1ntuk az igazi szeretetet tan\u00fas\u00edtod, magadat is k\u00e9ts\u00e9gk\u00edv\u00fcl megjobb\u00edtod, orsz\u00e1godat is tisztess\u00e9ggel igaz\u00edtod. Mert az \u0151 kez\u00fckbe van lerakva a b\u0171nb\u0151l old\u00e1s \u00e9s a b\u0171nbe k\u00f6t\u00e9s hatalma. Mert Isten megegyezett vel\u00fck \u00f6r\u00f6k sz\u00f6vets\u00e9gben, \u00e9s elk\u00fcl\u00f6n\u00edtette \u0151ket az emberekt\u0151l, a maga nev\u00e9ben \u00e9s szents\u00e9g\u00e9ben osztozott vel\u00fck, \u00e9s az istenes D\u00e1vid kir\u00e1ly szav\u00e1val megtiltotta, hogy az emberi vil\u00e1g g\u00e1ncsolja \u0151ket: \u201cF\u00f6lkentjeimet ne \u00e9rints\u00e9tek!\u201d Az illeti meg ugyanis Isten felkentjeit, ki az isteni \u00e9s k\u00e1noni v\u00e9gz\u00e9ssel szembesz\u00e1llva a szent renden val\u00f3 f\u00e9rfiakat hamis v\u00e1daskod\u00e1sokkal mocskolja \u00e9s a nyilv\u00e1noss\u00e1g el\u00e9 hurcolja. Teljess\u00e9ggel megtiltom fiam, hogy \u00edgy cselekedj, ha boldogan akarsz \u00e9lni, kir\u00e1lys\u00e1god megbecs\u00fclni, mert az ilyen dolgok s\u00e9rtik Istent els\u0151sorban. Ha esetleg valamelyik azok k\u00f6z\u00fcl, akikr\u0151l sz\u00f3 van, k\u00e1rhoztat\u00e1sra m\u00e9lt\u00f3 v\u00e9tekbe esik &#8211; t\u00e1vol legyen! -, figyelmeztesd h\u00e1romszor, n\u00e9gyszer is n\u00e9gyszemk\u00f6zt az evang\u00e9lium tan\u00edt\u00e1sa szerint. Ha akkor intelmeidet nem hallgatja meg, nyilv\u00e1nosan kell megfeddni a k\u00f6vetkez\u0151k alapj\u00e1n: Ha r\u00e1d nem hallgat, jelentsd az egyh\u00e1znak. Mert ha e rendet megtartod, dics\u0151 koron\u00e1dat teljess\u00e9ggel felmagasztalod.<\/p>\n\n\n\n<p class=\"wp-block-paragraph\"><strong>IV. A F\u0150EMBEREK \u00c9S VIT\u00c9ZEK TISZTELET\u00c9R\u0150L<\/strong><\/p>\n\n\n\n<p class=\"wp-block-paragraph\">Az uralom negyedik d\u00edsze a f\u0151emberek, isp\u00e1nok, vit\u00e9zek h\u0171s\u00e9ge, er\u0151ss\u00e9ge, ser\u00e9nys\u00e9ge, sz\u00edvess\u00e9ge \u00e9s bizalma. Mert \u0151k orsz\u00e1god v\u00e9d\u0151 falai, a gyeng\u00e9k oltalmaz\u00f3i, az ellens\u00e9g puszt\u00edt\u00f3i, a hat\u00e1rok gyarap\u00edt\u00f3i. Legyenek \u0151k, fiam, aty\u00e1id \u00e9s testv\u00e9reid, k\u00f6z\u00fcl\u00fck bizony senkit se hajts szolgas\u00e1gba, senkit se nevezz szolg\u00e1nak. Katon\u00e1skodjanak, ne szolg\u00e1ljanak, uralkodj mindannyiukon harag, g\u0151g, gy\u0171l\u00f6ls\u00e9g n\u00e9lk\u00fcl, b\u00e9k\u00e9sen, al\u00e1zatosan, szel\u00edden; tartsd mindig eszedben, hogy minden ember azonos \u00e1llapotban sz\u00fcletik, \u00e9s hogy semmi sem emel fel, csakis az al\u00e1zat, semmi sem tasz\u00edt le, csakis a g\u0151g \u00e9s a gy\u0171l\u00f6ls\u00e9g. Ha b\u00e9keszeret\u0151 leszel, kir\u00e1lynak \u00e9s kir\u00e1ly fi\u00e1nak mondanak, \u00e9s minden vit\u00e9z szeretni fog; ha haraggal, g\u0151g\u00f6sen, gy\u0171l\u00f6lk\u00f6dve, b\u00e9k\u00e9tlen\u00fcl kev\u00e9lykedsz az isp\u00e1nok \u00e9s f\u0151emberek f\u00f6l\u00f6tt, a vit\u00e9zek ereje bizonnyal hom\u00e1lyba bor\u00edtja a kir\u00e1lyi m\u00e9lt\u00f3s\u00e1got, \u00e9s m\u00e1sokra sz\u00e1ll kir\u00e1lys\u00e1god. Ett\u0151l \u00f3vakodva az er\u00e9nyed szabta m\u00e9rt\u00e9kkel ir\u00e1ny\u00edtsd az isp\u00e1nok \u00e9let\u00e9t, hogy vonzalmaddal fel\u00f6vezve a kir\u00e1lyi m\u00e9lt\u00f3s\u00e1ghoz mindig h\u00e1bor\u00edtatlanul ragaszkodjanak, hogy uralkod\u00e1sod minden tekintetben b\u00e9k\u00e9s legyen.<\/p>\n\n\n\n<p class=\"wp-block-paragraph\"><strong>V. AZ IGAZ \u00cdT\u00c9LET \u00c9S A T\u00dcRELEM GYAKORL\u00c1S\u00c1R\u00d3L<\/strong><\/p>\n\n\n\n<p class=\"wp-block-paragraph\">A t\u00fcrelem \u00e9s az igaz \u00edt\u00e9let gyakorl\u00e1sa a kir\u00e1lyi korona \u00f6t\u00f6dik cifr\u00e1z\u00e1sa. D\u00e1vid kir\u00e1ly \u00e9s pr\u00f3f\u00e9ta mondja: \u00cdt\u00e9letedet, Isten, b\u00edzd a kir\u00e1lyra.<\/p>\n\n\n\n<p class=\"wp-block-paragraph\">\u00c9s ugyan\u0151 m\u00e1sutt:<\/p>\n\n\n\n<p class=\"wp-block-paragraph\">Kir\u00e1ly vagy, az igazs\u00e1goss\u00e1got szereted.<\/p>\n\n\n\n<p class=\"wp-block-paragraph\">A t\u00fcrelemr\u0151l \u00edgy besz\u00e9l P\u00e1l apostol: \u201ctan\u00fas\u00edtsatok mindenki ir\u00e1nt t\u00fcrelmet.\u201d \u00c9s az \u00dar evang\u00e9liumban: \u201cHa [t\u00fcrelemmel] kitartotok, megmentitek lelketeket.\u201d Ehhez tartsd magad, fiam: ha becs\u00fcletet akarsz szerezni kir\u00e1lys\u00e1godnak, szeresd az igaz \u00edt\u00e9letet; ha hatalmadban akarod tartani lelkedet, t\u00fcrelmes l\u00e9gy. Valah\u00e1nyszor, kedves fiam, \u00edt\u00e9letet \u00e9rdeml\u0151 \u00fcgy ker\u00fcl el\u00e9d vagy valamely f\u0151benj\u00e1r\u00f3 b\u0171n v\u00e1dlottja, t\u00fcrelmetlen\u00fcl ne viselkedj\u00e9l, esk\u00fcvel se er\u0151sk\u00f6dj\u00e9l, hogy megb\u00fcnteted; bizony ez ingatag lenne \u00e9s muland\u00f3, mert a bolond fogadalmat megszegi az ember; \u00e9s ne \u00edt\u00e9lkezz te magad, nehogy kir\u00e1lyi m\u00e9lt\u00f3s\u00e1godban a hitv\u00e1ny \u00fcgyben forgol\u00f3dva folt ess\u00e9k, hanem az eff\u00e9le \u00fcgyet ink\u00e1bb b\u00edr\u00e1khoz utas\u00edtsd, az \u0151 megb\u00edzat\u00e1suk, hogy t\u00f6rv\u00e9ny szerint d\u00f6ntsenek. \u00d3vakodj b\u00edr\u00f3nak lenni, \u00e1m \u00f6r\u00fclj kir\u00e1lynak lenni s neveztetni. A t\u00fcrelmes kir\u00e1lyok kir\u00e1lykodnak, a t\u00fcrelmetlenek pedig zsarnokoskodnak. Ha pedig egyszer olyasvalami ker\u00fcl el\u00e9d, amelyben \u00edt\u00e9letet hozni m\u00e9lt\u00f3s\u00e1goddal \u00f6sszef\u00e9r, t\u00fcrelemmel, irgalommal, esk\u00fcd\u00f6z\u00e9s n\u00e9lk\u00fcl \u00edt\u00e9lkezz, \u00edgy lesz majd koron\u00e1d dics\u00e9retes \u00e9s \u00e9kes.<\/p>\n\n\n\n<p class=\"wp-block-paragraph\"><strong>VI. A VEND\u00c9GEK BEFOGAD\u00c1S\u00c1R\u00d3L \u00c9S GY\u00c1MOL\u00cdT\u00c1S\u00c1R\u00d3L<\/strong><\/p>\n\n\n\n<p class=\"wp-block-paragraph\">A vend\u00e9gek s a j\u00f6vev\u00e9nyek akkora hasznot hajtanak, hogy m\u00e9lt\u00e1n \u00e1llhatnak a kir\u00e1lyi m\u00e9lt\u00f3s\u00e1g hatodik hely\u00e9n. Hiszen kezdetben \u00fagy n\u00f6vekedett a r\u00f3mai birodalom, \u00fagy magasztaltattak fel \u00e9s lettek dics\u0151s\u00e9gess\u00e9 a r\u00f3mai kir\u00e1lyok, hogy sok nemes \u00e9s b\u00f6lcs \u00e1radt hozz\u00e1juk k\u00fcl\u00f6nb-k\u00fcl\u00f6nb t\u00e1jakr\u00f3l. R\u00f3ma bizony m\u00e9g ma is szolga volna, ha Aeneas sarjai nem teszik szabadd\u00e1. Mert amik\u00e9nt k\u00fcl\u00f6nb-k\u00fcl\u00f6nb t\u00e1jakr\u00f3l \u00e9s tartom\u00e1nyokb\u00f3l j\u00f6nnek a vend\u00e9gek, \u00fagy k\u00fcl\u00f6nb-k\u00fcl\u00f6nb nyelvet \u00e9s szok\u00e1st, k\u00fcl\u00f6nb-k\u00fcl\u00f6nb p\u00e9ld\u00e1t \u00e9s fegyvert hoznak magukkal, s mindez az orsz\u00e1got d\u00edsz\u00edti, az udvar f\u00e9ny\u00e9t emeli, s a k\u00fclf\u00f6ldieket a p\u00f6ffeszked\u00e9st\u0151l elrettenti. Mert az egy nyelv\u0171 \u00e9s egy szok\u00e1s\u00fa orsz\u00e1g gyenge \u00e9s esend\u0151. Enn\u00e9lfogva megparancsolom neked, fiam, hogy a j\u00f6vev\u00e9nyeket j\u00f3akarat\u00faan gy\u00e1mol\u00edtsad \u00e9s becsben tartsad, hogy n\u00e1lad sz\u00edvesebben tart\u00f3zkodjanak, mintsem m\u00e1sutt lakjanak. Ha pedig le akarn\u00e1d rombolni, amit \u00e9p\u00edtettem, vagy sz\u00e9t sz\u00f3rni, amit \u00f6sszegy\u0171jt\u00f6ttem, k\u00e9ts\u00e9gk\u00edv\u00fcl igen nagy k\u00e1rt szenvedne orsz\u00e1god. Hogy ez ne legyen, naponta nagyobb\u00edtsd orsz\u00e1godat, hogy koron\u00e1dat az emberek nagys\u00e1gosnak tarts\u00e1k.<\/p>\n\n\n\n<p class=\"wp-block-paragraph\"><strong>VII. A TAN\u00c1CS S\u00daLY\u00c1R\u00d3L<\/strong><\/p>\n\n\n\n<p class=\"wp-block-paragraph\">A kir\u00e1lyi emelv\u00e9nyen a tan\u00e1cs a hetedik helyre tart ig\u00e9nyt. A tan\u00e1cs \u00e1ll\u00edt kir\u00e1lyokat, d\u00f6nt el kir\u00e1lyi sorsokat, v\u00e9delmezi a haz\u00e1t, csendes\u00edti a csat\u00e1t, gy\u0151zelmeket \u0151 arat, kerget t\u00e1mad\u00f3 hadat, beh\u00edvja a bar\u00e1tokat, v\u00e1rosokat \u0151 rakat, \u00e9s \u0151 ront le ellens\u00e9ges v\u00e1rakat. Minthogy pedig a tan\u00e1csnak ekkora haszna van, ostoba, p\u00f6ffeszked\u0151 \u00e9s k\u00f6z\u00e9pszer\u0171 emberekb\u0151l \u00f6ssze\u00e1ll\u00edtani, \u00e9n \u00fagy v\u00e9lem, mit sem \u00e9r; hanem a tekint\u00e9lyesebbek \u00e9s a jobbak, a b\u00f6lcsebbek \u00e9s a legmegbecs\u00fcltebb v\u00e9nek ajk\u00e1n form\u00e1l\u00f3dj\u00e9k \u00e9s csiszol\u00f3dj\u00e9k. Ez\u00e9rt, fiam, az ifjakkal \u00e9s a kev\u00e9sb\u00e9 b\u00f6lcsekkel ne tan\u00e1cskozz, ne is k\u00e9rj t\u0151l\u00fck tan\u00e1csot, csak a gy\u0171l\u00e9s v\u00e9neit\u0151l, kiknek koruk \u00e9s b\u00f6lcsess\u00e9g\u00fck miatt megfelel ez a feladat. Mert a kir\u00e1lynak sz\u00f3l\u00f3 tan\u00e1cs z\u00e1rva legyen a b\u00f6lcs sz\u00edvbe, ne terjessze a bolondok szeless\u00e9ge. Ha ugyanis a b\u00f6lcsekkel j\u00e1rsz, b\u00f6lcs leszel, ha a bolondokkal forgol\u00f3dsz, t\u00e1rsul adod magad hozz\u00e1juk, sz\u00f3l a Szentl\u00e9lek Salamon \u00e1ltal: \u201cAki j\u00e1r a b\u00f6lcsekkel, b\u00f6lcsek bar\u00e1tja lesz, nem a bolondokhoz lesz hasonlatos.\u201d \u00c9s D\u00e1vid zengi:<\/p>\n\n\n\n<p class=\"wp-block-paragraph\">J\u00f3s\u00e1ggal k\u00f6zeledsz a j\u00f3hoz,<br>az igazhoz igaz vagy.<br>A tiszt\u00e1val tiszt\u00e1n b\u00e1nsz,<br>a hamissal azonban hamis m\u00f3dra.<\/p>\n\n\n\n<p class=\"wp-block-paragraph\">Ez\u00e9rt h\u00e1t ki-ki \u00e9letkor\u00e1nak megfelel\u0151 dologban forgol\u00f3dj\u00e9k, tudniillik az ifjak fegyverben, a v\u00e9nek a tan\u00e1csban. Egy\u00e9bk\u00e9nt az ifjakat m\u00e9gsem kell teljesen ki\u0171zni a tan\u00e1csb\u00f3l; \u00e1mde ah\u00e1nyszor vel\u00fck tan\u00e1cskozol, m\u00e9g ha \u00e9letreval\u00f3 is az a tan\u00e1cs, mindig terjeszd az \u00f6regek el\u00e9, hogy minden cselekedetedet a b\u00f6lcsess\u00e9g m\u00e9rt\u00e9k\u00e9vel m\u00e9rhesd.<\/p>\n\n\n\n<p class=\"wp-block-paragraph\"><strong>VIII. A FIAK K\u00d6VESS\u00c9K AZ EL\u0150D\u00d6KET<\/strong><\/p>\n\n\n\n<p class=\"wp-block-paragraph\">\u0150seink k\u00f6vet\u00e9se foglalja el a kir\u00e1lyi m\u00e9lt\u00f3s\u00e1gban a nyolcadik helyet. A legnagyobb kir\u00e1lyi \u00e9kess\u00e9g, az \u00e9n tud\u00e1som szerint, a kir\u00e1lyel\u0151d\u00f6k ut\u00e1n j\u00e1rni, a sz\u00fcl\u0151ket ut\u00e1nozni. Aki ugyanis megveti, amit megszabtak atyai el\u0151dei, az isteni t\u00f6rv\u00e9nyekre sem \u00fcgyel. Mert az aty\u00e1k az\u00e9rt aty\u00e1k, hogy fiaikat gy\u00e1mol\u00edts\u00e1k, a fiak pedig az\u00e9rt fiak, hogy sz\u00fcleiknek sz\u00f3t fogadjanak. Aki atyj\u00e1val szemben \u00e1ll, Isten ellens\u00e9g\u00e9nek \u00e1ll. Mert minden engedetlen Istennel \u00e1ll szemben. \u00c9s az engedetlens\u00e9g szelletje a korona vir\u00e1gait sz\u00f3rja szerte. Az engedetlens\u00e9g val\u00f3j\u00e1ban pestis az eg\u00e9sz kir\u00e1lys\u00e1gban. Ez\u00e9rt, kedves fiam, ap\u00e1d rendeletei, vagyis az \u00e9n rendeleteim, mindig legyenek szemed el\u0151tt, hogy szerencs\u00e9det minden\u00fctt kir\u00e1lyi gyepl\u0151 igazgassa. Az \u00e9n szok\u00e1saimat pedig, melyekr\u0151l l\u00e1tod, hogy a kir\u00e1lyi m\u00e9lt\u00f3s\u00e1ggal \u00f6sszef\u00e9rnek, a k\u00e9tked\u00e9s minden b\u00e9kly\u00f3ja n\u00e9lk\u00fcl k\u00f6vessed. Mert neh\u00e9z lesz megtartani e t\u00e1jon kir\u00e1lys\u00e1godat, ha szok\u00e1sban nem ut\u00e1nzod a kor\u00e1bban kir\u00e1lykod\u00f3 kir\u00e1lyokat. Mely g\u00f6r\u00f6g korm\u00e1nyozta a latinokat g\u00f6r\u00f6g m\u00f3dra, avagy mely latin korm\u00e1nyozta a g\u00f6r\u00f6g\u00f6ket latin m\u00f3dra? Semelyik. Ez\u00e9rt h\u00e1t k\u00f6vesd szok\u00e1saimat, a tieid k\u00f6zt kimagasl\u00f3 \u00edgy leszel, s az idegenek dics\u00e9ret\u00e9re szert \u00edgy teszel.<\/p>\n\n\n\n<p class=\"wp-block-paragraph\"><strong>IX. AZ IM\u00c1DS\u00c1G MEGTART\u00c1S\u00c1R\u00d3L<\/strong><\/p>\n\n\n\n<p class=\"wp-block-paragraph\">Az im\u00e1ds\u00e1g megtart\u00e1sa a kir\u00e1lyi \u00fcdv\u00f6ss\u00e9g legnagyobb j\u00e1rul\u00e9ka, ez\u00e9rt a kir\u00e1lyi m\u00e9lt\u00f3s\u00e1g kilencedik regul\u00e1j\u00e1ban pend\u00fcl meg. A folytonos im\u00e1dkoz\u00e1s: a b\u0171n\u00f6kt\u0151l megtisztul\u00e1s \u00e9s feloldoz\u00e1s. Te pedig fiam, valah\u00e1nyszor Isten templom\u00e1hoz j\u00e1rulsz, hogy Istent im\u00e1dd, Salamonnal, a kir\u00e1ly fi\u00e1val, magad is kir\u00e1ly l\u00e9v\u00e9n, mindig mondjad: \u201cK\u00fcldd le [Uram, a b\u00f6lcsess\u00e9get] szent egedb\u0151l, dics\u0151s\u00e9ged tr\u00f3nj\u00e1r\u00f3l, hogy munk\u00e1mban velem legyen \u00e9s seg\u00edtsen, \u00e9s \u00edgy f\u00f6lismerjem, mi kedves a szemedben [minden id\u0151ben].\u201d \u00c9s ism\u00e9t: \u201cUram, Aty\u00e1m, \u00e9letemnek Istene, ne hagyj engem \u00e1lnok gondolatban, az \u00e9n szemeimnek ne adj kev\u00e9lys\u00e9get \u00e9s a gonosz k\u00edv\u00e1ns\u00e1got t\u00e1voztasd el t\u0151lem, Uram. Vedd el t\u0151lem a testnek k\u00edv\u00e1ns\u00e1gait, \u00e9s a tiszt\u00e1talan \u00e9s esztelen l\u00e9leknek ne adj engem, Uram.\u201d Ezzel az im\u00e1ds\u00e1ggal foh\u00e1szkodtak h\u00e1t a r\u00e9gi kir\u00e1lyok, te is ugyanezzel foh\u00e1szkodj, hogy Isten minden v\u00e9tked elt\u00f6rl\u00e9s\u00e9re m\u00e9ltasson, hogy mindenki legy\u0151zhetetlen kir\u00e1lynak h\u00edvjon. Im\u00e1dkozz az\u00e9rt is, hogy a t\u00e9tlens\u00e9get, tunyas\u00e1got elkergesse t\u0151led, megaj\u00e1nd\u00e9kozzon az er\u00e9nyek \u00f6sszess\u00e9g\u00e9nek segedelm\u00e9vel, s \u00edgy legy\u0151zhesd l\u00e1that\u00f3 \u00e9s l\u00e1thatatlan ellens\u00e9geidet. Hogy valamennyi alattval\u00f3ddal egy\u00fctt gondtalanul, ellens\u00e9ges t\u00e1mad\u00e1sokt\u00f3l nem h\u00e1borgatva, b\u00e9k\u00e9ben v\u00e9gezhesd \u00e9leted p\u00e1ly\u00e1j\u00e1t.<\/p>\n\n\n\n<p class=\"wp-block-paragraph\"><strong>X. A KEGYESS\u00c9GR\u0150L \u00c9S AZ IRGALMASS\u00c1GR\u00d3L, VALAMINT A T\u00d6BBI ER\u00c9NYR\u0150L<\/strong><\/p>\n\n\n\n<p class=\"wp-block-paragraph\">Az er\u00e9nyek m\u00e9rt\u00e9ke teszi teljess\u00e9 a kir\u00e1lyok koron\u00e1j\u00e1t, \u00e9s a parancsok k\u00f6zt a tizedik. Mert az er\u00e9nyek ura a Kir\u00e1lyok Kir\u00e1lya, mik\u00e9nt \u00e9gi serege \u00e1ll kereken t\u00edz karb\u00f3l, \u00fagy \u00e9leted vitele kerekedj\u00e9k ki t\u00edz parancsb\u00f3l. Kell, hogy a kir\u00e1lyt kegyess\u00e9g s irgalmass\u00e1g d\u00edsz\u00edtse, de a t\u00f6bbi er\u00e9ny is hassa \u00e1t \u00e9s \u00e9kes\u00edtse. Mert ha a kir\u00e1lyt istentelens\u00e9g \u00e9s kegyetlens\u00e9g szennyezi, hi\u00e1ba tart ig\u00e9nyt a kir\u00e1ly n\u00e9vre, zsarnoknak kell nevezni. Ennek ok\u00e1b\u00f3l h\u00e1t, szerelmetes fiam, sz\u00edvem \u00e9dess\u00e9ge, sarjam j\u00f6v\u0151 rem\u00e9nys\u00e9ge, k\u00e9rlek, megparancsolom, hogy minden\u00fctt \u00e9s mindenekben a szeretetre t\u00e1maszkodva ne csak atyafis\u00e1godhoz \u00e9s a rokons\u00e1godhoz, vagy a f\u0151emberekhez, avagy a gazdagokhoz, a szomsz\u00e9dhoz \u00e9s az itt lak\u00f3hoz l\u00e9gy kegyes, hanem m\u00e9g a k\u00fclf\u00f6ldiekhez is, s\u0151t mindenkihez, aki hozz\u00e1d j\u00e1rul. Mert a szeretet gyakorl\u00e1sa vezet el a legf\u0151bb boldogs\u00e1ghoz. L\u00e9gy irgalmas minden er\u0151szakot szenved\u0151h\u00f6z, \u0151rizd sz\u00edvedben mindig az isteni int\u00e9st: \u201cIrgalmass\u00e1got akarok, nem \u00e1ldozatot.\u201d L\u00e9gy t\u00fcrelmes mindenekhez, nemcsak a hatalmasokhoz, hanem azokhoz, akik nem f\u00e9rnek a hatalomhoz. Azut\u00e1n l\u00e9gy er\u0151s, nehogy a szerencse t\u00fals\u00e1gosan felvessen, vagy a balsors letasz\u00edtson. L\u00e9gy al\u00e1zatos is, hogy Isten felmagasztaljon most \u00e9s a j\u00f6v\u0151ben. L\u00e9gy majd m\u00e9rt\u00e9kletes, hogy m\u00e9rt\u00e9ken t\u00fal senkit se b\u00fcntess vagy k\u00e1rhoztass. L\u00e9gy szel\u00edd, hogy sohase harcolj az igazs\u00e1g ellen. L\u00e9gy becs\u00fcletes, hogy sz\u00e1nd\u00e9kosan soha senkit gyal\u00e1zattal ne illess. L\u00e9gy szem\u00e9rmes, hogy elker\u00fcld a bujas\u00e1g minden b\u0171z\u00e9t, valamint a hal\u00e1l \u00f6szt\u00f6nz\u0151j\u00e9t.<\/p>\n\n\n\n<p class=\"wp-block-paragraph\">Mindez, amit fentebb \u00e9rintett\u00fcnk, alkotja a kir\u00e1lyi koron\u00e1t, n\u00e9lk\u00fcl\u00fck sem itt nem tud senki uralkodni, sem az \u00f6r\u00f6k uradalomba bejutni. \u00c1men.<\/p>\n\n\n\n<p class=\"wp-block-paragraph\"><em>Kuruc \u00c1gnes ford\u00edt\u00e1sa&nbsp;<\/em><\/p>\n\n\n<div class=\"wp-block-pdfemb-pdf-embedder-viewer\"><a href=\"https:\/\/gergelyg.ro\/wordpress\/wp-content\/uploads\/2024\/08\/Szent-Istvan-Nagy-Legendaja.pdf\" class=\"pdfemb-viewer\" style=\"\" data-width=\"max\" data-height=\"max\" data-toolbar=\"top\" data-toolbar-fixed=\"off\">Szent-Istvan-Nagy-Legendaja<\/a><\/div>\n\n\n<figure class=\"wp-block-image size-large\"><img loading=\"lazy\" decoding=\"async\" width=\"1024\" height=\"576\" src=\"https:\/\/gergelyg.ro\/wordpress\/wp-content\/uploads\/2024\/08\/tuzijatek-budapest-augusztus20-lanchid-orszaghaz-csodalatosmagyarorszag-1024x576.jpeg\" alt=\"\" class=\"wp-image-258\" srcset=\"https:\/\/gergelyg.ro\/wordpress\/wp-content\/uploads\/2024\/08\/tuzijatek-budapest-augusztus20-lanchid-orszaghaz-csodalatosmagyarorszag-1024x576.jpeg 1024w, https:\/\/gergelyg.ro\/wordpress\/wp-content\/uploads\/2024\/08\/tuzijatek-budapest-augusztus20-lanchid-orszaghaz-csodalatosmagyarorszag-300x169.jpeg 300w, https:\/\/gergelyg.ro\/wordpress\/wp-content\/uploads\/2024\/08\/tuzijatek-budapest-augusztus20-lanchid-orszaghaz-csodalatosmagyarorszag-768x432.jpeg 768w, https:\/\/gergelyg.ro\/wordpress\/wp-content\/uploads\/2024\/08\/tuzijatek-budapest-augusztus20-lanchid-orszaghaz-csodalatosmagyarorszag.jpeg 1500w\" sizes=\"auto, (max-width: 1024px) 100vw, 1024px\" \/><\/figure>\n\n\n\n<p class=\"wp-block-paragraph\"><\/p>\n\n\n\n<p class=\"wp-block-paragraph\"><\/p>\n\n\n\n<p class=\"has-text-align-center has-large-font-size wp-block-paragraph\"><strong>\u00d6t \u00e9rdekes t\u00e9ny Szent Istv\u00e1nr\u00f3l&nbsp;<\/strong><\/p>\n\n\n\n<p class=\"has-medium-font-size wp-block-paragraph\">1. Sosem szenvedett veres\u00e9get&nbsp;<\/p>\n\n\n\n<p class=\"has-medium-font-size wp-block-paragraph\">A magyar t\u00f6rt\u00e9nelemben megannyi sikeres hadvez\u00e9r bukkant fel. Ha fel akarunk sorolni k\u00f6z\u00fcl\u00fck n\u00e9h\u00e1nyat, akkor Hunyadi J\u00e1nos vagy G\u00f6rgei Art\u00far nev\u00e9t szinte biztosan ott tal\u00e1ln\u00e1nk k\u00f6z\u00f6tt\u00fck. Szent Istv\u00e1n nev\u00e9t alighanem ritk\u00e1n eml\u00edten\u00e9nk a kiemelked\u0151 gy\u0151ztesek k\u00f6z\u00f6tt, pedig \u00e9rdemes megtenn\u00fcnk: sem vesztes csat\u00e1t, sem komolyabb katonai kudarcot nem ismer\u00fcnk t\u0151le. Pedig Szent Istv\u00e1n h\u00e1bor\u00fait hosszan sorolhatjuk. Bels\u0151 ellenfelei k\u00f6z\u00f6tt tal\u00e1ljuk Kopp\u00e1nyt, Ajtonyt, az erd\u00e9lyi Gyul\u00e1kat, esetleg a bolg\u00e1r Ke\u00e1nt. K\u00fcls\u0151 ellens\u00e9gei k\u00f6z\u00f6tt a bolg\u00e1rokat \u00e9s a sz\u00f6vets\u00e9gesb\u0151l ellens\u00e9gg\u00e9 v\u00e1l\u00f3 n\u00e9met-r\u00f3mai cs\u00e1sz\u00e1rs\u00e1got, de a lengyeleket is. Ut\u00f3bbiakr\u00f3l v\u00e9li \u00fagy a lengyel, a szlov\u00e1k \u00e9s a cseh t\u00f6rt\u00e9net\u00edr\u00e1s, hogy az Ipolyig megh\u00f3d\u00edtotta Magyarorsz\u00e1got, a trianoni hat\u00e1rokkal furcs\u00e1n egybeesve, de mindezt egy meglehet\u0151sen k\u00e9sei forr\u00e1sra \u00e9p\u00edtve. A val\u00f3s\u00e1g az, hogy Vit\u00e9z Boleszl\u00f3 lengyel fejedelem egy bet\u00f6r\u00e9st k\u00f6vet\u0151en sietve t\u00e1vozott a magyar ter\u00fcletekr\u0151l, \u00edgy nehezen lehetne ezt a r\u00f6vid aff\u00e9r Szent Istv\u00e1n katonai kudarc\u00e1nak tekinteni. Vagyis Istv\u00e1n, csaknem egyed\u00fcl\u00e1ll\u00f3an a magyar t\u00f6rt\u00e9nelem uralkod\u00f3i \u00e9s hadvez\u00e9rei k\u00f6z\u00fcl, 100 sz\u00e1zal\u00e9kos hadi p\u00e1lyafut\u00e1st tekinthet mag\u00e1\u00e9nak, h\u00e1bor\u00fait mind gy\u0151ztesen z\u00e1rta. V\u00e9lhet\u0151en az\u00e9rt nem tartjuk sz\u00e1mon \u0151t a sikeres hadvez\u00e9rek k\u00f6z\u00f6tt, mert a forr\u00e1sokb\u00f3l az t\u0171nik ki, hogy nem saj\u00e1t maga vez\u00e9nyelte a csapatait, ezt mindig hozz\u00e1\u00e9rt\u0151kre b\u00edzta, akik rendre meghozt\u00e1k sz\u00e1m\u00e1ra a h\u00e1bor\u00fas sikereket.&nbsp;<\/p>\n\n\n\n<figure class=\"wp-block-image size-full\"><img loading=\"lazy\" decoding=\"async\" width=\"936\" height=\"648\" src=\"https:\/\/gergelyg.ro\/wordpress\/wp-content\/uploads\/2025\/08\/image-2.jpeg\" alt=\"\" class=\"wp-image-298\" srcset=\"https:\/\/gergelyg.ro\/wordpress\/wp-content\/uploads\/2025\/08\/image-2.jpeg 936w, https:\/\/gergelyg.ro\/wordpress\/wp-content\/uploads\/2025\/08\/image-2-300x208.jpeg 300w, https:\/\/gergelyg.ro\/wordpress\/wp-content\/uploads\/2025\/08\/image-2-768x532.jpeg 768w\" sizes=\"auto, (max-width: 936px) 100vw, 936px\" \/><\/figure>\n\n\n\n<p class=\"has-small-font-size wp-block-paragraph\">Szent Istv\u00e1n elfogja az erd\u00e9lyi Gyul\u00e1t. (K\u00e9p forr\u00e1sa: Wikip\u00e9dia)&nbsp;<\/p>\n\n\n\n<p class=\"has-medium-font-size wp-block-paragraph\">2. T\u00f6bb fi\u00fagyermeke sz\u00fcletett&nbsp;<\/p>\n\n\n\n<p class=\"wp-block-paragraph\">A tragikus sors\u00fa Szent Imre hercegr\u0151l alighanem mindannyian hallottunk. Szent Istv\u00e1nnak szem\u00e9lyes trag\u00e9di\u00e1ja, hogy \u00e1llamszervez\u0151i munk\u00e1ss\u00e1g\u00e1t nem a saj\u00e1t lesz\u00e1rmazottjai vitt\u00e9k tov\u00e1bb, mivel Imre herceg 1031-ben vad\u00e1szat k\u00f6zben elhunyt. A forr\u00e1sokb\u00f3l tudjuk, hogy nemcsak ez az egy gyermeke lehetett Szent Istv\u00e1nnak \u00e9s feles\u00e9g\u00e9nek, Gizell\u00e1nak. K\u00e9sei h\u00edrad\u00e1sok azonban meg\u0151rizt\u00e9k a kir\u00e1lyi p\u00e1r egy m\u00e1sik gyermek\u00e9nek, Ott\u00f3nak a nev\u00e9t is. V\u00e9lhet\u0151en III. Ott\u00f3 n\u00e9met-r\u00f3mai cs\u00e1sz\u00e1rr\u00f3l nyerte el a nev\u00e9t, aki t\u00e1mogatta Szent Istv\u00e1n megkoron\u00e1z\u00e1s\u00e1t. Az sem kiz\u00e1rt, hogy Ott\u00f3 el\u0151bb sz\u00fcletett, mint testv\u00e9re, Imre herceg, \u00e1m a cselekv\u0151k\u00e9pes kort biztosan nem \u00e9rte meg. V\u00e9lhet\u0151en csecsem\u0151kor\u00e1ban meghalt, \u00e9s csak elsz\u00f3rt h\u00edrad\u00e1sok maradtak fent r\u00f3la k\u00e9s\u0151bbi sz\u00f6vegekben.&nbsp;<\/p>\n\n\n\n<p class=\"has-medium-font-size wp-block-paragraph\">3. Ellenfeleivel szemben kegyelmet gyakorolt&nbsp;<\/p>\n\n\n\n<p class=\"wp-block-paragraph\">Augusztus 20-a kapcs\u00e1n gyakran felmer\u00fcl, \u00e9s a h\u00edress\u00e9 v\u00e1lt rockopera, az Istv\u00e1n a kir\u00e1ly is \u00fagy mutatja be, hogy Szent Istv\u00e1n v\u00e9rben g\u00e1zolt, amikor messzel\u00e1t\u00f3 politikai \u00e9rdekeit \u00e9rv\u00e9nyes\u00edtette. Erre a felt\u00e9telez\u00e9sre okot ad sz\u00e1mos bels\u0151 h\u00e1bor\u00faja, \u00e9s az a t\u00e9ny, hogy csak nagyon kev\u00e9s eml\u00e9k\u00fcnk maradt fent a kereszt\u00e9nys\u00e9g el\u0151tti magyars\u00e1g kult\u00far\u00e1j\u00e1b\u00f3l. \u00c1m ha t\u00fczetesebben megvizsg\u00e1ljuk, hogy Szent Istv\u00e1n mik\u00e9nt cselekedett, akkor kor\u00e1ntsem egy \u00e9rdekb\u0151l \u00e9leteket kiolt\u00f3 t\u00f6meggyilkossal tal\u00e1lkozunk. Kopp\u00e1ny, aki v\u00e9lhet\u0151en dinasztikus riv\u00e1lisa lehetett, nem maradhatott \u00e9letben. Ajtony lesz\u00e1rmazottjai viszont f\u00f6ldbirtokosok maradtak m\u00e9g Szent Istv\u00e1n uralm\u00e1t k\u00f6vet\u0151en is. A legfelt\u0171n\u0151bb enged\u00e9kenys\u00e9get azonban az erd\u00e9lyi rokon\u00e1val szemben gyakorolta. Miut\u00e1n megh\u00f3d\u00edtotta a Gyul\u00e1k ter\u00fclet\u00e9t, megkegyelmezett nagyb\u00e1tyj\u00e1nak. \u0150 azonban \u00fajra el\u00e1rulta, \u00e9s egy hat\u00e1rmenti v\u00e1r\u00e1t \u00e1tj\u00e1tszotta Szent Istv\u00e1n ellens\u00e9g\u00e9nek. Az err\u0151l Szent Istv\u00e1n kort\u00e1rsak\u00e9nt h\u00edrt ad\u00f3 Merseburgi Thietmar azonban csod\u00e1lkozva tud\u00f3s\u00edtotta az ut\u00f3kort arr\u00f3l, hogy amikor Istv\u00e1n visszaszerezte a v\u00e1rat \u00e9s foglyul ejtette nagyb\u00e1tyja feles\u00e9g\u00e9t, nem k\u00e9rt v\u00e1lts\u00e1gd\u00edjat, hanem visszak\u00fcldte \u0151t hozz\u00e1. Thietmar meg is jegyezte, hogy a kort\u00e1rsak k\u00f6z\u00f6tt ilyen p\u00e9ld\u00e1r\u00f3l m\u00e9g nem hallott.&nbsp;<\/p>\n\n\n\n<p class=\"has-medium-font-size wp-block-paragraph\">4. Nemcsak a Szent Jobb maradt meg Szent Istv\u00e1n erekly\u00e9i k\u00f6z\u00fcl&nbsp;<\/p>\n\n\n\n<p class=\"wp-block-paragraph\">Mindannyian hallottunk Szent Istv\u00e1n kir\u00e1ly jobbkez\u00e9r\u0151l, a Szent Jobbr\u00f3l, amelyet manaps\u00e1g m\u00e1r a hagyom\u00e1nyoknak megfelel\u0151en k\u00f6rmenetben mutatnak be augusztus 20-\u00e1n. Szent Istv\u00e1n kir\u00e1lynak azonban nem ez az egyetlen ismert erekly\u00e9je. V\u00e9lhet\u0151en az erekly\u00e9k lev\u00e1laszt\u00e1sa m\u00e1r az 1083. \u00e9vi szentt\u00e9 avat\u00e1skor elkezd\u0151d\u00f6tt.&nbsp;<\/p>\n\n\n\n<figure class=\"wp-block-image size-full\"><img loading=\"lazy\" decoding=\"async\" width=\"736\" height=\"600\" src=\"https:\/\/gergelyg.ro\/wordpress\/wp-content\/uploads\/2025\/08\/image.jpeg\" alt=\"\" class=\"wp-image-296\" srcset=\"https:\/\/gergelyg.ro\/wordpress\/wp-content\/uploads\/2025\/08\/image.jpeg 736w, https:\/\/gergelyg.ro\/wordpress\/wp-content\/uploads\/2025\/08\/image-300x245.jpeg 300w\" sizes=\"auto, (max-width: 736px) 100vw, 736px\" \/><\/figure>\n\n\n\n<p class=\"wp-block-paragraph\">Eredetileg a Szent Jobb sem csak a csukl\u00f3b\u00f3l \u00e1llt, hanem az eg\u00e9sz alkarb\u00f3l, de id\u0151vel a magyar uralkod\u00f3k sz\u00f6vets\u00e9gk\u00f6t\u00e9si gesztusk\u00e9nt sz\u00e1mos helyre elk\u00fcldt\u00e9k. A felkart m\u00e9g Nagy Lajos k\u00fcldte el Lengyelorsz\u00e1gba, m\u00edg az als\u00f3 r\u00e9sz\u00e9t Zsigmond kir\u00e1ly aj\u00e1nd\u00e9kozta vej\u00e9nek, Albertnek. A Szent Jobb a t\u00f6r\u00f6k el\u0151l Raguz\u00e1ba, (a mai Dubrovnikba) ker\u00fcl. Szint\u00e9n itt \u0151rizt\u00e9k Szent Istv\u00e1n kopony\u00e1j\u00e1t, als\u00f3 \u00e1llkapcs\u00e1t \u00e9s l\u00e1bsz\u00e1rcsontj\u00e1t. A koponyacsontb\u00f3l id\u0151vel lev\u00e1lasztottak darabokat, ezeket ma egyr\u00e9szt a pannonhalmi benc\u00e9s ap\u00e1ts\u00e1gban \u0151rzik, m\u00e1sr\u00e9szt M\u00e1ria Ter\u00e9zia az \u00e1ltala alap\u00edtott sz\u00e9kesfeh\u00e9rv\u00e1ri p\u00fcsp\u00f6ks\u00e9gnek adom\u00e1nyozott egy darabot. De Sz\u00e9kesfeh\u00e9rv\u00e1r \u0151riz egy ujjcsont-darabot Szent Imre herceg erekly\u00e9j\u00e9b\u0151l is, amelyet 1930-ban kapott Aachenb\u0151l hal\u00e1l\u00e1nak 900. \u00e9vfordul\u00f3j\u00e1nak tisztelet\u00e9re.&nbsp;<\/p>\n\n\n\n<p class=\"has-medium-font-size wp-block-paragraph\">5. Fiatalkori \u00e1br\u00e1zol\u00e1s?&nbsp;<\/p>\n\n\n\n<p class=\"wp-block-paragraph\">Szent Istv\u00e1nr\u00f3l a benn\u00fcnk \u00e9l\u0151 k\u00e9p \u00e1ltal\u00e1ban egy szak\u00e1llas \u00f6regembert takar a K\u00e9pes Kr\u00f3nika lapjair\u00f3l. Esetleg a koron\u00e1z\u00e1si pal\u00e1st \u00e1br\u00e1zol\u00e1sa, amelyen egy nagyszem\u0171, lefogyott, id\u0151s f\u00e9rfit l\u00e1thatunk. \u00c1m van egy szobor, amelyet egyesek Szent Istv\u00e1nhoz k\u00f6tnek. A bambergi d\u00f3mban ugyanis van egy lovasszobor, amely egy fiatal, ereje telj\u00e9ben l\u00e9v\u0151 f\u00e9rfit \u00e1br\u00e1zol. <\/p>\n\n\n<div class=\"wp-block-image is-style-default\">\n<figure class=\"aligncenter size-full is-resized\"><img loading=\"lazy\" decoding=\"async\" width=\"180\" height=\"300\" src=\"https:\/\/gergelyg.ro\/wordpress\/wp-content\/uploads\/2025\/08\/image-1.jpeg\" alt=\"\" class=\"wp-image-297\" style=\"width:284px;height:auto\"\/><\/figure>\n<\/div>\n\n\n<p class=\"wp-block-paragraph\">Egyesek szerint ez a valaki Szent Istv\u00e1n lehet. Ha ez igaz, akkor ez a k\u00e9p az egyetlen fiatalkori \u00e1br\u00e1zol\u00e1sa az els\u0151 magyar kir\u00e1lynak. (forr\u00e1s: hellomagyar.hu)<\/p>\n\n\n\n<p class=\"wp-block-paragraph\"><\/p>\n\n\n\n<p class=\"has-text-align-center has-large-font-size wp-block-paragraph\">Inform\u00e1ci\u00f3 \u00e9s sz\u00f3rakoz\u00e1s innen<\/p>\n\n\n\n<iframe loading=\"lazy\" frameborder=\"0\" scrolling=\"no\" align=\"middle\" height=\"152px\" width=\"316px\" src=\"https:\/\/onlinestream.live\/embed.cgi?id=1701&amp;ch=1&amp;volume=75&amp;autoplay=0&amp;channelselect=0&amp;stationselect=0\"><\/iframe>\n\n\n\n<iframe loading=\"lazy\" frameborder=\"0\" scrolling=\"no\" align=\"middle\" height=\"152px\" width=\"316px\" src=\"https:\/\/onlinestream.live\/embed.cgi?id=1703&amp;ch=6&amp;volume=75&amp;autoplay=1&amp;channelselect=0&amp;stationselect=0\"><\/iframe>\n","protected":false},"excerpt":{"rendered":"<p>Isten \u00e9ltessen, Magyarorsz\u00e1g! SZENT ISTV\u00c1N KIR\u00c1LY INTELMEI IMRE HERCEGHEZ Mivel meg\u00e9rtem s m\u00e9lyen \u00e1t\u00e9rzem, hogy amit csak Isten akarata megteremtett s nyilv\u00e1nval\u00f3 eleve elrendel\u00e9se elrendezett mind a kiterjedt \u00e9gboltozaton, mind az egybef\u00fcgg\u0151 f\u00f6ldi t\u00e1jakon, azt t\u00f6rv\u00e9ny \u00e9lteti s tartja fenn, &hellip; <a href=\"https:\/\/gergelyg.ro\/wordpress\/\">Egy kattint\u00e1s ide a folytat\u00e1shoz&#8230;. <span class=\"meta-nav\">&rarr;<\/span><\/a><\/p>\n","protected":false},"author":1,"featured_media":0,"parent":0,"menu_order":0,"comment_status":"closed","ping_status":"open","template":"","meta":{"footnotes":""},"class_list":["post-2","page","type-page","status-publish","hentry"],"_links":{"self":[{"href":"https:\/\/gergelyg.ro\/wordpress\/wp-json\/wp\/v2\/pages\/2","targetHints":{"allow":["GET"]}}],"collection":[{"href":"https:\/\/gergelyg.ro\/wordpress\/wp-json\/wp\/v2\/pages"}],"about":[{"href":"https:\/\/gergelyg.ro\/wordpress\/wp-json\/wp\/v2\/types\/page"}],"author":[{"embeddable":true,"href":"https:\/\/gergelyg.ro\/wordpress\/wp-json\/wp\/v2\/users\/1"}],"replies":[{"embeddable":true,"href":"https:\/\/gergelyg.ro\/wordpress\/wp-json\/wp\/v2\/comments?post=2"}],"version-history":[{"count":24,"href":"https:\/\/gergelyg.ro\/wordpress\/wp-json\/wp\/v2\/pages\/2\/revisions"}],"predecessor-version":[{"id":330,"href":"https:\/\/gergelyg.ro\/wordpress\/wp-json\/wp\/v2\/pages\/2\/revisions\/330"}],"wp:attachment":[{"href":"https:\/\/gergelyg.ro\/wordpress\/wp-json\/wp\/v2\/media?parent=2"}],"curies":[{"name":"wp","href":"https:\/\/api.w.org\/{rel}","templated":true}]}}